{"id":24541,"date":"2025-12-02T10:40:44","date_gmt":"2025-12-02T09:40:44","guid":{"rendered":"https:\/\/www.ellenkantarellen.se\/?post_type=product&#038;p=24541"},"modified":"2025-12-13T13:11:14","modified_gmt":"2025-12-13T12:11:14","slug":"monster-virkade-julmossor-luciakrona-till-baby","status":"publish","type":"product","link":"https:\/\/www.ellenkantarellen.se\/en\/produkt\/monster-virkade-julmossor-luciakrona-till-baby\/","title":{"rendered":"M\u00f6nster virkade Julm\u00f6ssor\/Luciakrona till Baby\/Barn"},"content":{"rendered":"<p>M\u00f6nster p\u00e5 min s\u00f6ta virkade Tomtem\u00f6ssa, Stj\u00e4rngossem\u00f6ssa samt Luciakrona till Baby. Blir inte mycket s\u00f6tare \u00e4n s\u00e5 h\u00e4r n\u00e4r den lille ska fira sin f\u00f6rsta Jul! M\u00f6nstret kommer i storlekar: Nyf\u00f6dd &amp; 0-3 \u00e5r. M\u00f6ssorna virkas i dubbel 8\/4 (eller enkelt 8\/8) Bomullsgarn. Detta m\u00f6nster passar b\u00e5de nyb\u00f6rjare och erfaren! Om du beh\u00f6ver lite s\u00f6ta Dregglisar <a href=\"https:\/\/www.ellenkantarellen.se\/en\/product-category-2\/tillbehor\/\">hittar du exempel p\u00e5 det H\u00c4R!<\/a><\/p>\n<p>&nbsp;<\/p>","protected":false},"excerpt":{"rendered":"<p><em>M\u00f6nster p\u00e5 min s\u00f6ta virkade Tomtem\u00f6ssa, Stj\u00e4rngossem\u00f6ssa samt Luciakrona till Baby\/Barn! <\/em><strong><em>N\u00e4r du betalat f\u00f6r m\u00f6nstret kommer du automatiskt att kunna ladda ner din PDF-fil med ditt nya s\u00f6ta m\u00f6nster som kommer i mejl till dig!<\/em><\/strong><\/p>","protected":false},"featured_media":24545,"comment_status":"open","ping_status":"closed","template":"","meta":[],"product_brand":[],"product_cat":[299,944,303],"product_tag":[1304,1295,1289,1306,1290,1292,1294,1305,1291,759,1293],"class_list":{"0":"post-24541","1":"product","2":"type-product","3":"status-publish","4":"has-post-thumbnail","6":"product_cat-julmonster","7":"product_cat-klader","8":"product_cat-monster-till-baby","9":"product_tag-julmossa","10":"product_tag-mossa-till-nyfodd","11":"product_tag-virkad-babymossa","12":"product_tag-virkad-julmossa","13":"product_tag-virkad-luciakrona","14":"product_tag-virkad-tomtemossa","15":"product_tag-virkad-tomtemossa-till-baby","16":"product_tag-virkmonster-julmossa","17":"product_tag-virkmonster-luciakrona","18":"product_tag-virkmonster-till-baby","19":"product_tag-virkmonster-tomtemossa","21":"first","22":"instock","23":"downloadable","24":"virtual","25":"taxable","26":"purchasable","27":"product-type-simple"},"bundled_by":[],"bundle_stock_status":"instock","bundle_stock_quantity":null,"bundle_virtual":false,"bundle_layout":"","bundle_add_to_cart_form_location":"","bundle_editable_in_cart":false,"bundle_sold_individually_context":"","bundle_item_grouping":"","bundle_min_size":"","bundle_max_size":"","bundle_price":[],"bundled_items":[],"bundle_sell_ids":[],"yoast_head":"<!-- This site is optimized with the Yoast SEO plugin v27.0 - https:\/\/yoast.com\/product\/yoast-seo-wordpress\/ -->\n<title>M\u00f6nster virkade Julm\u00f6ssor\/Luciakrona till Baby\/Barn - EllenKantarellen<\/title>\n<meta name=\"description\" content=\"M\u00f6nster p\u00e5 min s\u00f6ta virkade Tomtem\u00f6ssa, Stj\u00e4rngossem\u00f6ssa samt Luciakrona till Baby. Blir inte mycket s\u00f6tare \u00e4n s\u00e5 h\u00e4r n\u00e4r den lille ska fira sin f\u00f6rsta Jul!\" \/>\n<meta name=\"robots\" content=\"index, follow, max-snippet:-1, max-image-preview:large, max-video-preview:-1\" \/>\n<link rel=\"canonical\" href=\"https:\/\/www.ellenkantarellen.se\/en\/product-2\/monster-virkade-julmossor-luciakrona-till-baby\/\" \/>\n<meta property=\"og:locale\" content=\"en_GB\" \/>\n<meta property=\"og:type\" content=\"article\" \/>\n<meta property=\"og:title\" content=\"M\u00f6nster virkade Julm\u00f6ssor\/Luciakrona till Baby\/Barn - EllenKantarellen\" \/>\n<meta property=\"og:description\" content=\"M\u00f6nster p\u00e5 min s\u00f6ta virkade Tomtem\u00f6ssa, Stj\u00e4rngossem\u00f6ssa samt Luciakrona till Baby. Blir inte mycket s\u00f6tare \u00e4n s\u00e5 h\u00e4r n\u00e4r den lille ska fira sin f\u00f6rsta Jul!\" \/>\n<meta property=\"og:url\" content=\"https:\/\/www.ellenkantarellen.se\/en\/product-2\/monster-virkade-julmossor-luciakrona-till-baby\/\" \/>\n<meta property=\"og:site_name\" content=\"EllenKantarellen\" \/>\n<meta property=\"article:modified_time\" content=\"2025-12-13T12:11:14+00:00\" \/>\n<meta property=\"og:image\" content=\"https:\/\/www.ellenkantarellen.se\/wp-content\/uploads\/2025\/12\/Foto-2025-11-27-09-58-01-1.jpg\" \/>\n\t<meta property=\"og:image:width\" content=\"2048\" \/>\n\t<meta property=\"og:image:height\" content=\"2048\" \/>\n\t<meta property=\"og:image:type\" content=\"image\/jpeg\" \/>\n<meta name=\"twitter:card\" content=\"summary_large_image\" \/>\n<meta name=\"twitter:label1\" content=\"Estimated reading time\" \/>\n\t<meta name=\"twitter:data1\" content=\"1 minute\" \/>\n<script type=\"application\/ld+json\" class=\"yoast-schema-graph\">{\"@context\":\"https:\/\/schema.org\",\"@graph\":[{\"@type\":\"WebPage\",\"@id\":\"https:\/\/www.ellenkantarellen.se\/produkt\/monster-virkade-julmossor-luciakrona-till-baby\/\",\"url\":\"https:\/\/www.ellenkantarellen.se\/produkt\/monster-virkade-julmossor-luciakrona-till-baby\/\",\"name\":\"M\u00f6nster virkade Julm\u00f6ssor\/Luciakrona till Baby\/Barn - EllenKantarellen\",\"isPartOf\":{\"@id\":\"https:\/\/www.ellenkantarellen.se\/#website\"},\"primaryImageOfPage\":{\"@id\":\"https:\/\/www.ellenkantarellen.se\/produkt\/monster-virkade-julmossor-luciakrona-till-baby\/#primaryimage\"},\"image\":{\"@id\":\"https:\/\/www.ellenkantarellen.se\/produkt\/monster-virkade-julmossor-luciakrona-till-baby\/#primaryimage\"},\"thumbnailUrl\":\"https:\/\/www.ellenkantarellen.se\/wp-content\/uploads\/2025\/12\/Foto-2025-11-27-09-58-01-1.jpg\",\"datePublished\":\"2025-12-02T09:40:44+00:00\",\"dateModified\":\"2025-12-13T12:11:14+00:00\",\"description\":\"M\u00f6nster p\u00e5 min s\u00f6ta virkade Tomtem\u00f6ssa, Stj\u00e4rngossem\u00f6ssa samt Luciakrona till Baby. Blir inte mycket s\u00f6tare \u00e4n s\u00e5 h\u00e4r n\u00e4r den lille ska fira sin f\u00f6rsta Jul!\",\"breadcrumb\":{\"@id\":\"https:\/\/www.ellenkantarellen.se\/produkt\/monster-virkade-julmossor-luciakrona-till-baby\/#breadcrumb\"},\"inLanguage\":\"en-GB\",\"potentialAction\":[{\"@type\":\"ReadAction\",\"target\":[\"https:\/\/www.ellenkantarellen.se\/produkt\/monster-virkade-julmossor-luciakrona-till-baby\/\"]}]},{\"@type\":\"ImageObject\",\"inLanguage\":\"en-GB\",\"@id\":\"https:\/\/www.ellenkantarellen.se\/produkt\/monster-virkade-julmossor-luciakrona-till-baby\/#primaryimage\",\"url\":\"https:\/\/www.ellenkantarellen.se\/wp-content\/uploads\/2025\/12\/Foto-2025-11-27-09-58-01-1.jpg\",\"contentUrl\":\"https:\/\/www.ellenkantarellen.se\/wp-content\/uploads\/2025\/12\/Foto-2025-11-27-09-58-01-1.jpg\",\"width\":2048,\"height\":2048},{\"@type\":\"BreadcrumbList\",\"@id\":\"https:\/\/www.ellenkantarellen.se\/produkt\/monster-virkade-julmossor-luciakrona-till-baby\/#breadcrumb\",\"itemListElement\":[{\"@type\":\"ListItem\",\"position\":1,\"name\":\"Hem\",\"item\":\"https:\/\/www.ellenkantarellen.se\/\"},{\"@type\":\"ListItem\",\"position\":2,\"name\":\"Aff\u00e4r\",\"item\":\"https:\/\/www.ellenkantarellen.se\/affar\/\"},{\"@type\":\"ListItem\",\"position\":3,\"name\":\"M\u00f6nster virkade Julm\u00f6ssor\/Luciakrona till Baby\/Barn\"}]},{\"@type\":\"WebSite\",\"@id\":\"https:\/\/www.ellenkantarellen.se\/#website\",\"url\":\"https:\/\/www.ellenkantarellen.se\/\",\"name\":\"EllenKantarellen\",\"description\":\"\",\"publisher\":{\"@id\":\"https:\/\/www.ellenkantarellen.se\/#organization\"},\"potentialAction\":[{\"@type\":\"SearchAction\",\"target\":{\"@type\":\"EntryPoint\",\"urlTemplate\":\"https:\/\/www.ellenkantarellen.se\/?s={search_term_string}\"},\"query-input\":{\"@type\":\"PropertyValueSpecification\",\"valueRequired\":true,\"valueName\":\"search_term_string\"}}],\"inLanguage\":\"en-GB\"},{\"@type\":\"Organization\",\"@id\":\"https:\/\/www.ellenkantarellen.se\/#organization\",\"name\":\"EllenKantarellen\",\"url\":\"https:\/\/www.ellenkantarellen.se\/\",\"logo\":{\"@type\":\"ImageObject\",\"inLanguage\":\"en-GB\",\"@id\":\"https:\/\/www.ellenkantarellen.se\/#\/schema\/logo\/image\/\",\"url\":\"https:\/\/www.ellenkantarellen.se\/wp-content\/uploads\/2021\/09\/ek2.png\",\"contentUrl\":\"https:\/\/www.ellenkantarellen.se\/wp-content\/uploads\/2021\/09\/ek2.png\",\"width\":2232,\"height\":508,\"caption\":\"EllenKantarellen\"},\"image\":{\"@id\":\"https:\/\/www.ellenkantarellen.se\/#\/schema\/logo\/image\/\"}}]}<\/script>\n<!-- \/ Yoast SEO plugin. -->","yoast_head_json":{"title":"M\u00f6nster virkade Julm\u00f6ssor\/Luciakrona till Baby\/Barn - EllenKantarellen","description":"M\u00f6nster p\u00e5 min s\u00f6ta virkade Tomtem\u00f6ssa, Stj\u00e4rngossem\u00f6ssa samt Luciakrona till Baby. Blir inte mycket s\u00f6tare \u00e4n s\u00e5 h\u00e4r n\u00e4r den lille ska fira sin f\u00f6rsta Jul!","robots":{"index":"index","follow":"follow","max-snippet":"max-snippet:-1","max-image-preview":"max-image-preview:large","max-video-preview":"max-video-preview:-1"},"canonical":"https:\/\/www.ellenkantarellen.se\/en\/product-2\/monster-virkade-julmossor-luciakrona-till-baby\/","og_locale":"en_GB","og_type":"article","og_title":"M\u00f6nster virkade Julm\u00f6ssor\/Luciakrona till Baby\/Barn - EllenKantarellen","og_description":"M\u00f6nster p\u00e5 min s\u00f6ta virkade Tomtem\u00f6ssa, Stj\u00e4rngossem\u00f6ssa samt Luciakrona till Baby. Blir inte mycket s\u00f6tare \u00e4n s\u00e5 h\u00e4r n\u00e4r den lille ska fira sin f\u00f6rsta Jul!","og_url":"https:\/\/www.ellenkantarellen.se\/en\/product-2\/monster-virkade-julmossor-luciakrona-till-baby\/","og_site_name":"EllenKantarellen","article_modified_time":"2025-12-13T12:11:14+00:00","og_image":[{"width":2048,"height":2048,"url":"https:\/\/www.ellenkantarellen.se\/wp-content\/uploads\/2025\/12\/Foto-2025-11-27-09-58-01-1.jpg","type":"image\/jpeg"}],"twitter_card":"summary_large_image","twitter_misc":{"Estimated reading time":"1 minute"},"schema":{"@context":"https:\/\/schema.org","@graph":[{"@type":"WebPage","@id":"https:\/\/www.ellenkantarellen.se\/produkt\/monster-virkade-julmossor-luciakrona-till-baby\/","url":"https:\/\/www.ellenkantarellen.se\/produkt\/monster-virkade-julmossor-luciakrona-till-baby\/","name":"M\u00f6nster virkade Julm\u00f6ssor\/Luciakrona till Baby\/Barn - EllenKantarellen","isPartOf":{"@id":"https:\/\/www.ellenkantarellen.se\/#website"},"primaryImageOfPage":{"@id":"https:\/\/www.ellenkantarellen.se\/produkt\/monster-virkade-julmossor-luciakrona-till-baby\/#primaryimage"},"image":{"@id":"https:\/\/www.ellenkantarellen.se\/produkt\/monster-virkade-julmossor-luciakrona-till-baby\/#primaryimage"},"thumbnailUrl":"https:\/\/www.ellenkantarellen.se\/wp-content\/uploads\/2025\/12\/Foto-2025-11-27-09-58-01-1.jpg","datePublished":"2025-12-02T09:40:44+00:00","dateModified":"2025-12-13T12:11:14+00:00","description":"M\u00f6nster p\u00e5 min s\u00f6ta virkade Tomtem\u00f6ssa, Stj\u00e4rngossem\u00f6ssa samt Luciakrona till Baby. Blir inte mycket s\u00f6tare \u00e4n s\u00e5 h\u00e4r n\u00e4r den lille ska fira sin f\u00f6rsta Jul!","breadcrumb":{"@id":"https:\/\/www.ellenkantarellen.se\/produkt\/monster-virkade-julmossor-luciakrona-till-baby\/#breadcrumb"},"inLanguage":"en-GB","potentialAction":[{"@type":"ReadAction","target":["https:\/\/www.ellenkantarellen.se\/produkt\/monster-virkade-julmossor-luciakrona-till-baby\/"]}]},{"@type":"ImageObject","inLanguage":"en-GB","@id":"https:\/\/www.ellenkantarellen.se\/produkt\/monster-virkade-julmossor-luciakrona-till-baby\/#primaryimage","url":"https:\/\/www.ellenkantarellen.se\/wp-content\/uploads\/2025\/12\/Foto-2025-11-27-09-58-01-1.jpg","contentUrl":"https:\/\/www.ellenkantarellen.se\/wp-content\/uploads\/2025\/12\/Foto-2025-11-27-09-58-01-1.jpg","width":2048,"height":2048},{"@type":"BreadcrumbList","@id":"https:\/\/www.ellenkantarellen.se\/produkt\/monster-virkade-julmossor-luciakrona-till-baby\/#breadcrumb","itemListElement":[{"@type":"ListItem","position":1,"name":"Hem","item":"https:\/\/www.ellenkantarellen.se\/"},{"@type":"ListItem","position":2,"name":"Aff\u00e4r","item":"https:\/\/www.ellenkantarellen.se\/affar\/"},{"@type":"ListItem","position":3,"name":"M\u00f6nster virkade Julm\u00f6ssor\/Luciakrona till Baby\/Barn"}]},{"@type":"WebSite","@id":"https:\/\/www.ellenkantarellen.se\/#website","url":"https:\/\/www.ellenkantarellen.se\/","name":"EllenKantarellen","description":"","publisher":{"@id":"https:\/\/www.ellenkantarellen.se\/#organization"},"potentialAction":[{"@type":"SearchAction","target":{"@type":"EntryPoint","urlTemplate":"https:\/\/www.ellenkantarellen.se\/?s={search_term_string}"},"query-input":{"@type":"PropertyValueSpecification","valueRequired":true,"valueName":"search_term_string"}}],"inLanguage":"en-GB"},{"@type":"Organization","@id":"https:\/\/www.ellenkantarellen.se\/#organization","name":"EllenKantarellen","url":"https:\/\/www.ellenkantarellen.se\/","logo":{"@type":"ImageObject","inLanguage":"en-GB","@id":"https:\/\/www.ellenkantarellen.se\/#\/schema\/logo\/image\/","url":"https:\/\/www.ellenkantarellen.se\/wp-content\/uploads\/2021\/09\/ek2.png","contentUrl":"https:\/\/www.ellenkantarellen.se\/wp-content\/uploads\/2021\/09\/ek2.png","width":2232,"height":508,"caption":"EllenKantarellen"},"image":{"@id":"https:\/\/www.ellenkantarellen.se\/#\/schema\/logo\/image\/"}}]}},"_links":{"self":[{"href":"https:\/\/www.ellenkantarellen.se\/en\/wp-json\/wp\/v2\/product\/24541","targetHints":{"allow":["GET"]}}],"collection":[{"href":"https:\/\/www.ellenkantarellen.se\/en\/wp-json\/wp\/v2\/product"}],"about":[{"href":"https:\/\/www.ellenkantarellen.se\/en\/wp-json\/wp\/v2\/types\/product"}],"replies":[{"embeddable":true,"href":"https:\/\/www.ellenkantarellen.se\/en\/wp-json\/wp\/v2\/comments?post=24541"}],"wp:featuredmedia":[{"embeddable":true,"href":"https:\/\/www.ellenkantarellen.se\/en\/wp-json\/wp\/v2\/media\/24545"}],"wp:attachment":[{"href":"https:\/\/www.ellenkantarellen.se\/en\/wp-json\/wp\/v2\/media?parent=24541"}],"wp:term":[{"taxonomy":"product_brand","embeddable":true,"href":"https:\/\/www.ellenkantarellen.se\/en\/wp-json\/wp\/v2\/product_brand?post=24541"},{"taxonomy":"product_cat","embeddable":true,"href":"https:\/\/www.ellenkantarellen.se\/en\/wp-json\/wp\/v2\/product_cat?post=24541"},{"taxonomy":"product_tag","embeddable":true,"href":"https:\/\/www.ellenkantarellen.se\/en\/wp-json\/wp\/v2\/product_tag?post=24541"}],"curies":[{"name":"wp","href":"https:\/\/api.w.org\/{rel}","templated":true}]}}